{"id":1598,"date":"2025-07-21T09:41:53","date_gmt":"2025-07-21T07:41:53","guid":{"rendered":"https:\/\/petra-kost.kuich-projects.eu\/?page_id=1598"},"modified":"2025-08-16T11:13:15","modified_gmt":"2025-08-16T09:13:15","slug":"mensch-sein","status":"publish","type":"page","link":"https:\/\/petra-kost-web.kuich-projects.eu\/it\/mensch-sein\/","title":{"rendered":"Essere umani"},"content":{"rendered":"[et_pb_section fb_built=&#8220;1&#8243; _builder_version=&#8220;4.27.4&#8243; animation_style=&#8220;slide&#8220; animation_direction=&#8220;bottom&#8220; animation_intensity_slide=&#8220;3%&#8220; global_colors_info=&#8220;{}&#8220;][et_pb_row _builder_version=&#8220;4.27.4&#8243; _module_preset=&#8220;default&#8220; global_colors_info=&#8220;{}&#8220;][et_pb_column type=&#8220;4_4&#8243; _builder_version=&#8220;4.27.4&#8243; _module_preset=&#8220;default&#8220; global_colors_info=&#8220;{}&#8220;][et_pb_post_title meta=&#8220;off&#8220; featured_image=&#8220;off&#8220; _builder_version=&#8220;4.27.4&#8243; _module_preset=&#8220;default&#8220; title_font=&#8220;|||on|||||&#8220; global_colors_info=&#8220;{}&#8220;][\/et_pb_post_title][et_pb_text _builder_version=&#8220;4.27.4&#8243; _module_preset=&#8220;default&#8220; global_colors_info=&#8220;{}&#8220;]<p>Fin dalla giovinezza, Petra Kost si dedica intensamente alla complessit\u00e0 e alle contraddizioni dell'esistenza umana. Le sue opere riflettono il confronto interiore con ci\u00f2 che \u00e8 inconciliabile e paradossale, rappresentando dubbio e speranza, fragilit\u00e0 e forza in modo equilibrato. I suoi quadri creano spazi per interrogativi esistenziali del nostro tempo e stimolano un dialogo interiore \u2013 un invito alla riflessione consapevole e al confronto personale con l\u2019essenza dell\u2019essere umano.<\/p>[\/et_pb_text][\/et_pb_column][\/et_pb_row][et_pb_row column_structure=&#8220;3_5,2_5&#8243; admin_label=&#8220;Shechina&#8220; _builder_version=&#8220;4.27.4&#8243; _module_preset=&#8220;default&#8220; global_colors_info=&#8220;{}&#8220;][et_pb_column type=&#8220;3_5&#8243; _builder_version=&#8220;4.27.4&#8243; _module_preset=&#8220;default&#8220; global_colors_info=&#8220;{}&#8220;][et_pb_image src=&#8220;https:\/\/petra-kost-web.kuich-projects.eu\/wp-content\/uploads\/2025\/07\/Shechina-2025-1.jpg&#8220; alt=&#8220;Petra Kost &#8211; Shechina, 2025&#8243; title_text=&#8220;Shechina&#8220; show_in_lightbox=&#8220;on&#8220; _builder_version=&#8220;4.27.4&#8243; _module_preset=&#8220;default&#8220; global_colors_info=&#8220;{}&#8220; transform_styles__hover_enabled=&#8220;on|hover&#8220; transform_scale__hover_enabled=&#8220;on|hover&#8220; transform_translate__hover_enabled=&#8220;on|desktop&#8220; transform_rotate__hover_enabled=&#8220;on|desktop&#8220; transform_skew__hover_enabled=&#8220;on|desktop&#8220; transform_origin__hover_enabled=&#8220;on|desktop&#8220; transform_scale__hover=&#8220;95%|95%&#8220;][\/et_pb_image][\/et_pb_column][et_pb_column type=&#8220;2_5&#8243; _builder_version=&#8220;4.27.4&#8243; _module_preset=&#8220;default&#8220; global_colors_info=&#8220;{}&#8220;][et_pb_text admin_label=&#8220;Shechina&#8220; _builder_version=&#8220;4.27.4&#8243; _module_preset=&#8220;default&#8220; custom_padding=&#8220;||0px|||&#8220; global_colors_info=&#8220;{}&#8220;]<p><strong>Shechina<\/strong><\/p>\n<p>2025<\/p>\n<p>olio e acrilico su tela<\/p>\n<p>200 x 140 cm<\/p>[\/et_pb_text][\/et_pb_column][\/et_pb_row][et_pb_row column_structure=&#8220;3_5,2_5&#8243; admin_label=&#8220;Don\u2019t Panic&#8220; _builder_version=&#8220;4.27.4&#8243; _module_preset=&#8220;default&#8220; global_colors_info=&#8220;{}&#8220;][et_pb_column type=&#8220;3_5&#8243; _builder_version=&#8220;4.27.4&#8243; _module_preset=&#8220;default&#8220; global_colors_info=&#8220;{}&#8220;][et_pb_image src=&#8220;https:\/\/petra-kost-web.kuich-projects.eu\/wp-content\/uploads\/2025\/07\/Dont-panic-2025.jpg&#8220; alt=&#8220;Petra Kost &#8211; Don\u2019t Panic, 2025&#8243; title_text=&#8220;Don&#8217;t-panic&#8220; show_in_lightbox=&#8220;on&#8220; _builder_version=&#8220;4.27.4&#8243; _module_preset=&#8220;default&#8220; global_colors_info=&#8220;{}&#8220; transform_styles__hover_enabled=&#8220;on|hover&#8220; transform_scale__hover_enabled=&#8220;on|hover&#8220; transform_translate__hover_enabled=&#8220;on|desktop&#8220; transform_rotate__hover_enabled=&#8220;on|desktop&#8220; transform_skew__hover_enabled=&#8220;on|desktop&#8220; transform_origin__hover_enabled=&#8220;on|desktop&#8220; transform_scale__hover=&#8220;95%|95%&#8220;][\/et_pb_image][\/et_pb_column][et_pb_column type=&#8220;2_5&#8243; _builder_version=&#8220;4.27.4&#8243; _module_preset=&#8220;default&#8220; global_colors_info=&#8220;{}&#8220;][et_pb_text admin_label=&#8220;Shechina&#8220; _builder_version=&#8220;4.27.4&#8243; _module_preset=&#8220;default&#8220; global_colors_info=&#8220;{}&#8220;]<p><strong>Don\u2019t Panic<\/strong><\/p>\n<p>2025<\/p>\n<p>olio e acrilico su tela<\/p>\n<p>200 x 140 cm<\/p>[\/et_pb_text][\/et_pb_column][\/et_pb_row][et_pb_row column_structure=&#8220;3_5,2_5&#8243; admin_label=&#8220;Home&#8220; _builder_version=&#8220;4.27.4&#8243; _module_preset=&#8220;default&#8220; global_colors_info=&#8220;{}&#8220;][et_pb_column type=&#8220;3_5&#8243; _builder_version=&#8220;4.27.4&#8243; _module_preset=&#8220;default&#8220; global_colors_info=&#8220;{}&#8220;][et_pb_image src=&#8220;https:\/\/petra-kost-web.kuich-projects.eu\/wp-content\/uploads\/2025\/07\/Home-2021.jpg&#8220; alt=&#8220;Petra Kost &#8211; Home, 2021&#8243; title_text=&#8220;Home&#8220; show_in_lightbox=&#8220;on&#8220; _builder_version=&#8220;4.27.4&#8243; _module_preset=&#8220;default&#8220; global_colors_info=&#8220;{}&#8220; transform_styles__hover_enabled=&#8220;on|hover&#8220; transform_scale__hover_enabled=&#8220;on|hover&#8220; transform_translate__hover_enabled=&#8220;on|desktop&#8220; transform_rotate__hover_enabled=&#8220;on|desktop&#8220; transform_skew__hover_enabled=&#8220;on|desktop&#8220; transform_origin__hover_enabled=&#8220;on|desktop&#8220; transform_scale__hover=&#8220;95%|95%&#8220;][\/et_pb_image][\/et_pb_column][et_pb_column type=&#8220;2_5&#8243; _builder_version=&#8220;4.27.4&#8243; _module_preset=&#8220;default&#8220; global_colors_info=&#8220;{}&#8220;][et_pb_text _builder_version=&#8220;4.27.4&#8243; _module_preset=&#8220;default&#8220; hover_enabled=&#8220;0&#8243; global_colors_info=&#8220;{}&#8220; sticky_enabled=&#8220;0&#8243;]<p><strong>Home<\/strong><\/p>\n<p>2021<\/p>\n<p>olio e acrilico su tela<\/p>\n<p>200 x 140 cm<\/p>[\/et_pb_text][\/et_pb_column][\/et_pb_row][et_pb_row column_structure=&#8220;3_5,2_5&#8243; admin_label=&#8220;Escape&#8220; _builder_version=&#8220;4.27.4&#8243; _module_preset=&#8220;default&#8220; global_colors_info=&#8220;{}&#8220;][et_pb_column type=&#8220;3_5&#8243; _builder_version=&#8220;4.27.4&#8243; _module_preset=&#8220;default&#8220; global_colors_info=&#8220;{}&#8220;][et_pb_image src=&#8220;https:\/\/petra-kost-web.kuich-projects.eu\/wp-content\/uploads\/2025\/07\/Escape-2024.jpg&#8220; alt=&#8220;Petra Kost &#8211; Escape, 2024&#8243; title_text=&#8220;Escape&#8220; show_in_lightbox=&#8220;on&#8220; _builder_version=&#8220;4.27.4&#8243; _module_preset=&#8220;default&#8220; global_colors_info=&#8220;{}&#8220; transform_styles__hover_enabled=&#8220;on|hover&#8220; transform_scale__hover_enabled=&#8220;on|hover&#8220; transform_translate__hover_enabled=&#8220;on|desktop&#8220; transform_rotate__hover_enabled=&#8220;on|desktop&#8220; transform_skew__hover_enabled=&#8220;on|desktop&#8220; transform_origin__hover_enabled=&#8220;on|desktop&#8220; transform_scale__hover=&#8220;95%|95%&#8220;][\/et_pb_image][\/et_pb_column][et_pb_column type=&#8220;2_5&#8243; _builder_version=&#8220;4.27.4&#8243; _module_preset=&#8220;default&#8220; global_colors_info=&#8220;{}&#8220;][et_pb_text _builder_version=&#8220;4.27.4&#8243; _module_preset=&#8220;default&#8220; global_colors_info=&#8220;{}&#8220;]<p><strong>Escape<\/strong><\/p>\n<p>2024<\/p>\n<p>olio e acrilico su tela<\/p>\n<p>120 x 80 cm<\/p>[\/et_pb_text][\/et_pb_column][\/et_pb_row][et_pb_row column_structure=&#8220;3_5,2_5&#8243; admin_label=&#8220;Escape&#8220; _builder_version=&#8220;4.27.4&#8243; _module_preset=&#8220;default&#8220; global_colors_info=&#8220;{}&#8220;][et_pb_column type=&#8220;3_5&#8243; _builder_version=&#8220;4.27.4&#8243; _module_preset=&#8220;default&#8220; global_colors_info=&#8220;{}&#8220;][et_pb_image src=&#8220;https:\/\/petra-kost-web.kuich-projects.eu\/wp-content\/uploads\/2025\/07\/Trost-2022.jpg&#8220; alt=&#8220;Petra Kost &#8211; Trost, 2023&#8243; title_text=&#8220;Trost&#8220; show_in_lightbox=&#8220;on&#8220; admin_label=&#8220;Trost&#8220; _builder_version=&#8220;4.27.4&#8243; _module_preset=&#8220;default&#8220; global_colors_info=&#8220;{}&#8220; transform_styles__hover_enabled=&#8220;on|hover&#8220; transform_scale__hover_enabled=&#8220;on|hover&#8220; transform_translate__hover_enabled=&#8220;on|desktop&#8220; transform_rotate__hover_enabled=&#8220;on|desktop&#8220; transform_skew__hover_enabled=&#8220;on|desktop&#8220; transform_origin__hover_enabled=&#8220;on|desktop&#8220; transform_scale__hover=&#8220;95%|95%&#8220;][\/et_pb_image][\/et_pb_column][et_pb_column type=&#8220;2_5&#8243; _builder_version=&#8220;4.27.4&#8243; _module_preset=&#8220;default&#8220; global_colors_info=&#8220;{}&#8220;][et_pb_text _builder_version=&#8220;4.27.4&#8243; _module_preset=&#8220;default&#8220; global_colors_info=&#8220;{}&#8220;]<p><strong>Trost<\/strong><\/p>\n<p>2023<\/p>\n<p>olio e acrilico su tela<\/p>\n<p>100 x 80 cm<\/p>[\/et_pb_text][\/et_pb_column][\/et_pb_row][et_pb_row column_structure=&#8220;3_5,2_5&#8243; admin_label=&#8220;Kiss that Frog&#8220; _builder_version=&#8220;4.27.4&#8243; _module_preset=&#8220;default&#8220; global_colors_info=&#8220;{}&#8220;][et_pb_column type=&#8220;3_5&#8243; _builder_version=&#8220;4.27.4&#8243; _module_preset=&#8220;default&#8220; global_colors_info=&#8220;{}&#8220;][et_pb_image src=&#8220;https:\/\/petra-kost-web.kuich-projects.eu\/wp-content\/uploads\/2025\/07\/Kiss-that-frog-2023.jpg&#8220; alt=&#8220;Petra Kost &#8211; Kiss that Frog, 2023&#8243; title_text=&#8220;Kiss that frog&#8220; show_in_lightbox=&#8220;on&#8220; admin_label=&#8220;Trost&#8220; _builder_version=&#8220;4.27.4&#8243; _module_preset=&#8220;default&#8220; global_colors_info=&#8220;{}&#8220; transform_styles__hover_enabled=&#8220;on|hover&#8220; transform_scale__hover_enabled=&#8220;on|hover&#8220; transform_translate__hover_enabled=&#8220;on|desktop&#8220; transform_rotate__hover_enabled=&#8220;on|desktop&#8220; transform_skew__hover_enabled=&#8220;on|desktop&#8220; transform_origin__hover_enabled=&#8220;on|desktop&#8220; transform_scale__hover=&#8220;95%|95%&#8220;][\/et_pb_image][\/et_pb_column][et_pb_column type=&#8220;2_5&#8243; _builder_version=&#8220;4.27.4&#8243; _module_preset=&#8220;default&#8220; global_colors_info=&#8220;{}&#8220;][et_pb_text admin_label=&#8220;Kiss that Frog&#8220; _builder_version=&#8220;4.27.4&#8243; _module_preset=&#8220;default&#8220; global_colors_info=&#8220;{}&#8220;]<p><strong>Kiss that Frog<\/strong><\/p>\n<p>2023<\/p>\n<p>olio e acrilico su tela<\/p>\n<p>80 x 100 cm<\/p>[\/et_pb_text][\/et_pb_column][\/et_pb_row][et_pb_row column_structure=&#8220;3_5,2_5&#8243; admin_label=&#8220;Sternenstaub&#8220; _builder_version=&#8220;4.27.4&#8243; _module_preset=&#8220;default&#8220; global_colors_info=&#8220;{}&#8220;][et_pb_column type=&#8220;3_5&#8243; _builder_version=&#8220;4.27.4&#8243; _module_preset=&#8220;default&#8220; global_colors_info=&#8220;{}&#8220;][et_pb_image src=&#8220;https:\/\/petra-kost-web.kuich-projects.eu\/wp-content\/uploads\/2025\/07\/Sternenstaub-2021.jpg&#8220; alt=&#8220;Petra Kost &#8211; Sternenstaub, 2021&#8243; title_text=&#8220;Sternenstaub&#8220; show_in_lightbox=&#8220;on&#8220; admin_label=&#8220;Trost&#8220; _builder_version=&#8220;4.27.4&#8243; _module_preset=&#8220;default&#8220; global_colors_info=&#8220;{}&#8220; transform_styles__hover_enabled=&#8220;on|hover&#8220; transform_scale__hover_enabled=&#8220;on|hover&#8220; transform_translate__hover_enabled=&#8220;on|desktop&#8220; transform_rotate__hover_enabled=&#8220;on|desktop&#8220; transform_skew__hover_enabled=&#8220;on|desktop&#8220; transform_origin__hover_enabled=&#8220;on|desktop&#8220; transform_scale__hover=&#8220;95%|95%&#8220;][\/et_pb_image][\/et_pb_column][et_pb_column type=&#8220;2_5&#8243; _builder_version=&#8220;4.27.4&#8243; _module_preset=&#8220;default&#8220; global_colors_info=&#8220;{}&#8220;][et_pb_text admin_label=&#8220;Kiss that Frog&#8220; _builder_version=&#8220;4.27.4&#8243; _module_preset=&#8220;default&#8220; global_colors_info=&#8220;{}&#8220;]<p><strong>Sternenstaub<\/strong><\/p>\n<p>2021<\/p>\n<p>acrilico su tela<\/p>\n<p>80 x 100 cm<\/p>[\/et_pb_text][\/et_pb_column][\/et_pb_row][et_pb_row column_structure=&#8220;3_5,2_5&#8243; admin_label=&#8220;Bohdi&#8220; _builder_version=&#8220;4.27.4&#8243; _module_preset=&#8220;default&#8220; global_colors_info=&#8220;{}&#8220;][et_pb_column type=&#8220;3_5&#8243; _builder_version=&#8220;4.27.4&#8243; _module_preset=&#8220;default&#8220; global_colors_info=&#8220;{}&#8220;][et_pb_image src=&#8220;https:\/\/petra-kost-web.kuich-projects.eu\/wp-content\/uploads\/2025\/07\/Bohdi-2021.jpg&#8220; alt=&#8220;Petra Kost &#8211; Bodhi, 2021&#8243; title_text=&#8220;Bohdi&#8220; show_in_lightbox=&#8220;on&#8220; _builder_version=&#8220;4.27.4&#8243; _module_preset=&#8220;default&#8220; global_colors_info=&#8220;{}&#8220; transform_styles__hover_enabled=&#8220;on|hover&#8220; transform_scale__hover_enabled=&#8220;on|hover&#8220; transform_translate__hover_enabled=&#8220;on|desktop&#8220; transform_rotate__hover_enabled=&#8220;on|desktop&#8220; transform_skew__hover_enabled=&#8220;on|desktop&#8220; transform_origin__hover_enabled=&#8220;on|desktop&#8220; transform_scale__hover=&#8220;95%|95%&#8220;][\/et_pb_image][\/et_pb_column][et_pb_column type=&#8220;2_5&#8243; _builder_version=&#8220;4.27.4&#8243; _module_preset=&#8220;default&#8220; global_colors_info=&#8220;{}&#8220;][et_pb_text _builder_version=&#8220;4.27.4&#8243; _module_preset=&#8220;default&#8220; global_colors_info=&#8220;{}&#8220;]<p><strong>Bodhi<\/strong><\/p>\n<p>2021<\/p>\n<p>olio e acrilico su tela<\/p>\n<p>120 x 100 cm<\/p>[\/et_pb_text][\/et_pb_column][\/et_pb_row][et_pb_row column_structure=&#8220;3_5,2_5&#8243; admin_label=&#8220;Eckstein&#8220; _builder_version=&#8220;4.27.4&#8243; _module_preset=&#8220;default&#8220; global_colors_info=&#8220;{}&#8220;][et_pb_column type=&#8220;3_5&#8243; _builder_version=&#8220;4.27.4&#8243; _module_preset=&#8220;default&#8220; global_colors_info=&#8220;{}&#8220;][et_pb_image src=&#8220;https:\/\/petra-kost-web.kuich-projects.eu\/wp-content\/uploads\/2025\/07\/Eckstein-2021.jpg&#8220; alt=&#8220;Petra Kost &#8211; Eckstein, 2021&#8243; title_text=&#8220;Eckstein&#8220; show_in_lightbox=&#8220;on&#8220; _builder_version=&#8220;4.27.4&#8243; _module_preset=&#8220;default&#8220; global_colors_info=&#8220;{}&#8220; transform_styles__hover_enabled=&#8220;on|hover&#8220; transform_scale__hover_enabled=&#8220;on|hover&#8220; transform_translate__hover_enabled=&#8220;on|desktop&#8220; transform_rotate__hover_enabled=&#8220;on|desktop&#8220; transform_skew__hover_enabled=&#8220;on|desktop&#8220; transform_origin__hover_enabled=&#8220;on|desktop&#8220; transform_scale__hover=&#8220;95%|95%&#8220;][\/et_pb_image][\/et_pb_column][et_pb_column type=&#8220;2_5&#8243; _builder_version=&#8220;4.27.4&#8243; _module_preset=&#8220;default&#8220; global_colors_info=&#8220;{}&#8220;][et_pb_text _builder_version=&#8220;4.27.4&#8243; _module_preset=&#8220;default&#8220; global_colors_info=&#8220;{}&#8220;]<p><strong>Eckstein<\/strong><\/p>\n<p>2021<\/p>\n<p>acrilico su tela<\/p>\n<p>100 x 100 cm<\/p>[\/et_pb_text][\/et_pb_column][\/et_pb_row][et_pb_row column_structure=&#8220;3_5,2_5&#8243; admin_label=&#8220;Contemplating future&#8220; _builder_version=&#8220;4.27.4&#8243; _module_preset=&#8220;default&#8220; global_colors_info=&#8220;{}&#8220;][et_pb_column type=&#8220;3_5&#8243; _builder_version=&#8220;4.27.4&#8243; _module_preset=&#8220;default&#8220; global_colors_info=&#8220;{}&#8220;][et_pb_image src=&#8220;https:\/\/petra-kost-web.kuich-projects.eu\/wp-content\/uploads\/2025\/07\/Contemplating-future-2022.jpg&#8220; alt=&#8220;Petra Kost &#8211; Contemplating future, 2022&#8243; title_text=&#8220;Contemplating future&#8220; show_in_lightbox=&#8220;on&#8220; _builder_version=&#8220;4.27.4&#8243; _module_preset=&#8220;default&#8220; global_colors_info=&#8220;{}&#8220; transform_styles__hover_enabled=&#8220;on|hover&#8220; transform_scale__hover_enabled=&#8220;on|hover&#8220; transform_translate__hover_enabled=&#8220;on|desktop&#8220; transform_rotate__hover_enabled=&#8220;on|desktop&#8220; transform_skew__hover_enabled=&#8220;on|desktop&#8220; transform_origin__hover_enabled=&#8220;on|desktop&#8220; transform_scale__hover=&#8220;95%|95%&#8220;][\/et_pb_image][\/et_pb_column][et_pb_column type=&#8220;2_5&#8243; _builder_version=&#8220;4.27.4&#8243; _module_preset=&#8220;default&#8220; global_colors_info=&#8220;{}&#8220;][et_pb_text _builder_version=&#8220;4.27.4&#8243; _module_preset=&#8220;default&#8220; global_colors_info=&#8220;{}&#8220;]<p><strong>Contemplating future<\/strong><\/p>\n<p>2022<\/p>\n<p>olio e acrilico su tela<\/p>\n<p>100 x 80 cm<\/p>[\/et_pb_text][\/et_pb_column][\/et_pb_row][et_pb_row column_structure=&#8220;3_5,2_5&#8243; admin_label=&#8220;Backstage&#8220; _builder_version=&#8220;4.27.4&#8243; _module_preset=&#8220;default&#8220; global_colors_info=&#8220;{}&#8220;][et_pb_column type=&#8220;3_5&#8243; _builder_version=&#8220;4.27.4&#8243; _module_preset=&#8220;default&#8220; global_colors_info=&#8220;{}&#8220;][et_pb_image src=&#8220;https:\/\/petra-kost-web.kuich-projects.eu\/wp-content\/uploads\/2025\/07\/Backstage-2021.jpg&#8220; alt=&#8220;Petra Kost &#8211; Back Stage, 2021&#8243; title_text=&#8220;Backstage&#8220; show_in_lightbox=&#8220;on&#8220; _builder_version=&#8220;4.27.4&#8243; _module_preset=&#8220;default&#8220; global_colors_info=&#8220;{}&#8220; transform_styles__hover_enabled=&#8220;on|hover&#8220; transform_scale__hover_enabled=&#8220;on|hover&#8220; transform_translate__hover_enabled=&#8220;on|desktop&#8220; transform_rotate__hover_enabled=&#8220;on|desktop&#8220; transform_skew__hover_enabled=&#8220;on|desktop&#8220; transform_origin__hover_enabled=&#8220;on|desktop&#8220; transform_scale__hover=&#8220;95%|95%&#8220;][\/et_pb_image][\/et_pb_column][et_pb_column type=&#8220;2_5&#8243; _builder_version=&#8220;4.27.4&#8243; _module_preset=&#8220;default&#8220; global_colors_info=&#8220;{}&#8220;][et_pb_text _builder_version=&#8220;4.27.4&#8243; _module_preset=&#8220;default&#8220; global_colors_info=&#8220;{}&#8220;]<p><strong>Back Stage<\/strong><\/p>\n<p>2021<\/p>\n<p>acrilico su tela<\/p>\n<p>100 x 100 cm<\/p>[\/et_pb_text][\/et_pb_column][\/et_pb_row][et_pb_row column_structure=&#8220;3_5,2_5&#8243; admin_label=&#8220;Passion&#8220; _builder_version=&#8220;4.27.4&#8243; _module_preset=&#8220;default&#8220; global_colors_info=&#8220;{}&#8220;][et_pb_column type=&#8220;3_5&#8243; _builder_version=&#8220;4.27.4&#8243; _module_preset=&#8220;default&#8220; global_colors_info=&#8220;{}&#8220;][et_pb_image src=&#8220;https:\/\/petra-kost-web.kuich-projects.eu\/wp-content\/uploads\/2025\/07\/Passion-2021.jpg&#8220; alt=&#8220;Petra Kost &#8211; Passion, 2021&#8243; title_text=&#8220;Passion&#8220; show_in_lightbox=&#8220;on&#8220; _builder_version=&#8220;4.27.4&#8243; _module_preset=&#8220;default&#8220; global_colors_info=&#8220;{}&#8220; transform_styles__hover_enabled=&#8220;on|hover&#8220; transform_scale__hover_enabled=&#8220;on|hover&#8220; transform_translate__hover_enabled=&#8220;on|desktop&#8220; transform_rotate__hover_enabled=&#8220;on|desktop&#8220; transform_skew__hover_enabled=&#8220;on|desktop&#8220; transform_origin__hover_enabled=&#8220;on|desktop&#8220; transform_scale__hover=&#8220;95%|95%&#8220;][\/et_pb_image][\/et_pb_column][et_pb_column type=&#8220;2_5&#8243; _builder_version=&#8220;4.27.4&#8243; _module_preset=&#8220;default&#8220; global_colors_info=&#8220;{}&#8220;][et_pb_text _builder_version=&#8220;4.27.4&#8243; _module_preset=&#8220;default&#8220; global_colors_info=&#8220;{}&#8220;]<p><strong>Passion<\/strong><\/p>\n<p>2021<\/p>\n<p>acrilico su tela<\/p>\n<p>100 x 80 cm<\/p>[\/et_pb_text][\/et_pb_column][\/et_pb_row][et_pb_row column_structure=&#8220;3_5,2_5&#8243; admin_label=&#8220;Fortune&#8220; _builder_version=&#8220;4.27.4&#8243; _module_preset=&#8220;default&#8220; global_colors_info=&#8220;{}&#8220;][et_pb_column type=&#8220;3_5&#8243; _builder_version=&#8220;4.27.4&#8243; _module_preset=&#8220;default&#8220; global_colors_info=&#8220;{}&#8220;][et_pb_image src=&#8220;https:\/\/petra-kost-web.kuich-projects.eu\/wp-content\/uploads\/2025\/07\/Fortune-2022.jpg&#8220; alt=&#8220;Petra Kost &#8211; Fortune, 2022&#8243; title_text=&#8220;Fortune&#8220; show_in_lightbox=&#8220;on&#8220; _builder_version=&#8220;4.27.4&#8243; _module_preset=&#8220;default&#8220; global_colors_info=&#8220;{}&#8220; transform_styles__hover_enabled=&#8220;on|hover&#8220; transform_scale__hover_enabled=&#8220;on|hover&#8220; transform_translate__hover_enabled=&#8220;on|desktop&#8220; transform_rotate__hover_enabled=&#8220;on|desktop&#8220; transform_skew__hover_enabled=&#8220;on|desktop&#8220; transform_origin__hover_enabled=&#8220;on|desktop&#8220; transform_scale__hover=&#8220;95%|95%&#8220;][\/et_pb_image][\/et_pb_column][et_pb_column type=&#8220;2_5&#8243; _builder_version=&#8220;4.27.4&#8243; _module_preset=&#8220;default&#8220; global_colors_info=&#8220;{}&#8220;][et_pb_text _builder_version=&#8220;4.27.4&#8243; _module_preset=&#8220;default&#8220; global_colors_info=&#8220;{}&#8220;]<p><strong>Fortune<\/strong><\/p>\n<p>2022<\/p>\n<p>olio e acrilico su tela<\/p>\n<p>100 x 80 cm<\/p>[\/et_pb_text][\/et_pb_column][\/et_pb_row][et_pb_row column_structure=&#8220;3_5,2_5&#8243; admin_label=&#8220;Lou&#8220; _builder_version=&#8220;4.27.4&#8243; _module_preset=&#8220;default&#8220; global_colors_info=&#8220;{}&#8220;][et_pb_column type=&#8220;3_5&#8243; _builder_version=&#8220;4.27.4&#8243; _module_preset=&#8220;default&#8220; global_colors_info=&#8220;{}&#8220;][et_pb_image src=&#8220;https:\/\/petra-kost-web.kuich-projects.eu\/wp-content\/uploads\/2025\/07\/Lou-2021.jpg&#8220; alt=&#8220;Petra Kost &#8211; Lou, 2021&#8243; title_text=&#8220;Lou&#8220; show_in_lightbox=&#8220;on&#8220; _builder_version=&#8220;4.27.4&#8243; _module_preset=&#8220;default&#8220; global_colors_info=&#8220;{}&#8220; transform_styles__hover_enabled=&#8220;on|hover&#8220; transform_scale__hover_enabled=&#8220;on|hover&#8220; transform_translate__hover_enabled=&#8220;on|desktop&#8220; transform_rotate__hover_enabled=&#8220;on|desktop&#8220; transform_skew__hover_enabled=&#8220;on|desktop&#8220; transform_origin__hover_enabled=&#8220;on|desktop&#8220; transform_scale__hover=&#8220;95%|95%&#8220;][\/et_pb_image][\/et_pb_column][et_pb_column type=&#8220;2_5&#8243; _builder_version=&#8220;4.27.4&#8243; _module_preset=&#8220;default&#8220; global_colors_info=&#8220;{}&#8220;][et_pb_text _builder_version=&#8220;4.27.4&#8243; _module_preset=&#8220;default&#8220; global_colors_info=&#8220;{}&#8220;]<p><strong>Lou<\/strong><\/p>\n<p>2021<\/p>\n<p>acrilico su tela<\/p>\n<p>100 x 100 cm<\/p>[\/et_pb_text][\/et_pb_column][\/et_pb_row][et_pb_row column_structure=&#8220;3_5,2_5&#8243; admin_label=&#8220;Team&#8220; _builder_version=&#8220;4.27.4&#8243; _module_preset=&#8220;default&#8220; global_colors_info=&#8220;{}&#8220;][et_pb_column type=&#8220;3_5&#8243; _builder_version=&#8220;4.27.4&#8243; _module_preset=&#8220;default&#8220; global_colors_info=&#8220;{}&#8220;][et_pb_image src=&#8220;https:\/\/petra-kost-web.kuich-projects.eu\/wp-content\/uploads\/2025\/07\/Team-2021.jpg&#8220; alt=&#8220;Petra Kost &#8211; Team, 2021&#8243; title_text=&#8220;Team&#8220; show_in_lightbox=&#8220;on&#8220; _builder_version=&#8220;4.27.4&#8243; _module_preset=&#8220;default&#8220; global_colors_info=&#8220;{}&#8220; transform_styles__hover_enabled=&#8220;on|hover&#8220; transform_scale__hover_enabled=&#8220;on|hover&#8220; transform_translate__hover_enabled=&#8220;on|desktop&#8220; transform_rotate__hover_enabled=&#8220;on|desktop&#8220; transform_skew__hover_enabled=&#8220;on|desktop&#8220; transform_origin__hover_enabled=&#8220;on|desktop&#8220; transform_scale__hover=&#8220;95%|95%&#8220;][\/et_pb_image][\/et_pb_column][et_pb_column type=&#8220;2_5&#8243; _builder_version=&#8220;4.27.4&#8243; _module_preset=&#8220;default&#8220; global_colors_info=&#8220;{}&#8220;][et_pb_text _builder_version=&#8220;4.27.4&#8243; _module_preset=&#8220;default&#8220; global_colors_info=&#8220;{}&#8220;]<p><strong>Team<\/strong><\/p>\n<p>2021<\/p>\n<p>acrilico su tela<\/p>\n<p>200 x 160 cm<\/p>[\/et_pb_text][\/et_pb_column][\/et_pb_row][\/et_pb_section]","protected":false},"excerpt":{"rendered":"<p>Petra Kost besch\u00e4ftigt sich seit ihrer Jugend intensiv mit der Komplexit\u00e4t und den Gegens\u00e4tzen menschlicher Existenz. Ihre Werke spiegeln die innere Auseinandersetzung mit dem Unvereinbaren und Paradoxen wider, indem Zweifel und Hoffnung, Zerbrechlichkeit und St\u00e4rke gleichwertig dargestellt werden. Ihre Bilder schaffen R\u00e4ume f\u00fcr existenzielle Fragen unserer Zeit und regen zu einem inneren Dialog an \u2013 [&hellip;]<\/p>","protected":false},"author":1,"featured_media":0,"parent":0,"menu_order":0,"comment_status":"closed","ping_status":"closed","template":"","meta":{"_et_pb_use_builder":"on","_et_pb_old_content":"","_et_gb_content_width":"","footnotes":""},"class_list":["post-1598","page","type-page","status-publish","hentry"],"_links":{"self":[{"href":"https:\/\/petra-kost-web.kuich-projects.eu\/it\/wp-json\/wp\/v2\/pages\/1598","targetHints":{"allow":["GET"]}}],"collection":[{"href":"https:\/\/petra-kost-web.kuich-projects.eu\/it\/wp-json\/wp\/v2\/pages"}],"about":[{"href":"https:\/\/petra-kost-web.kuich-projects.eu\/it\/wp-json\/wp\/v2\/types\/page"}],"author":[{"embeddable":true,"href":"https:\/\/petra-kost-web.kuich-projects.eu\/it\/wp-json\/wp\/v2\/users\/1"}],"replies":[{"embeddable":true,"href":"https:\/\/petra-kost-web.kuich-projects.eu\/it\/wp-json\/wp\/v2\/comments?post=1598"}],"version-history":[{"count":11,"href":"https:\/\/petra-kost-web.kuich-projects.eu\/it\/wp-json\/wp\/v2\/pages\/1598\/revisions"}],"predecessor-version":[{"id":1812,"href":"https:\/\/petra-kost-web.kuich-projects.eu\/it\/wp-json\/wp\/v2\/pages\/1598\/revisions\/1812"}],"wp:attachment":[{"href":"https:\/\/petra-kost-web.kuich-projects.eu\/it\/wp-json\/wp\/v2\/media?parent=1598"}],"curies":[{"name":"wp","href":"https:\/\/api.w.org\/{rel}","templated":true}]}}