{"id":1526,"date":"2025-07-19T13:48:28","date_gmt":"2025-07-19T11:48:28","guid":{"rendered":"https:\/\/petra-kost.kuich-projects.eu\/?page_id=1526"},"modified":"2025-08-16T11:18:22","modified_gmt":"2025-08-16T09:18:22","slug":"natur","status":"publish","type":"page","link":"https:\/\/petra-kost-web.kuich-projects.eu\/it\/natur\/","title":{"rendered":"Natura"},"content":{"rendered":"[et_pb_section fb_built=&#8220;1&#8243; _builder_version=&#8220;4.27.4&#8243; animation_style=&#8220;slide&#8220; animation_direction=&#8220;bottom&#8220; animation_intensity_slide=&#8220;3%&#8220; global_colors_info=&#8220;{}&#8220;][et_pb_row _builder_version=&#8220;4.27.4&#8243; _module_preset=&#8220;default&#8220; global_colors_info=&#8220;{}&#8220;][et_pb_column type=&#8220;4_4&#8243; _builder_version=&#8220;4.27.4&#8243; _module_preset=&#8220;default&#8220; global_colors_info=&#8220;{}&#8220;][et_pb_post_title meta=&#8220;off&#8220; featured_image=&#8220;off&#8220; _builder_version=&#8220;4.27.4&#8243; _module_preset=&#8220;default&#8220; title_font=&#8220;|||on|||||&#8220; global_colors_info=&#8220;{}&#8220;][\/et_pb_post_title][et_pb_text _builder_version=&#8220;4.27.4&#8243; _module_preset=&#8220;default&#8220; hover_enabled=&#8220;0&#8243; sticky_enabled=&#8220;0&#8243;]<p>Nella serie \u201cNatura\u201d, Petra Kost esplora la bellezza, la forza e la fragilit\u00e0 della natura. Strutture degli elementi fuoco, acqua, terra e aria, cos\u00ec come della flora e fauna, trovano spazio in composizioni visive dense e spesso contraddittorie. Anche qui si tratta di campi di tensione: tra stupore e preoccupazione, tra vicinanza ed estraneit\u00e0. Le opere di Petra Kost offrono prospettive sulla relazione ambivalente tra l\u2019uomo e la natura \u2013 come specchio della nostra responsabilit\u00e0 collettiva e invito a riscoprire il senso di connessione.<\/p>[\/et_pb_text][\/et_pb_column][\/et_pb_row][et_pb_row column_structure=&#8220;3_5,2_5&#8243; admin_label=&#8220;Beauty falling&#8220; _builder_version=&#8220;4.27.4&#8243; _module_preset=&#8220;default&#8220; global_colors_info=&#8220;{}&#8220;][et_pb_column type=&#8220;3_5&#8243; _builder_version=&#8220;4.27.4&#8243; _module_preset=&#8220;default&#8220; global_colors_info=&#8220;{}&#8220;][et_pb_image src=&#8220;https:\/\/petra-kost-web.kuich-projects.eu\/wp-content\/uploads\/2022\/12\/Beauty-falling-2022-Oel-und-Acryl-auf-Leinwand-100&#215;80-cm-Petra-Kost.jpg&#8220; alt=&#8220;Petra Kost &#8211; Beauty falling, 2022&#8243; title_text=&#8220;Beauty falling \u2013 2022- \u00d6l und Acryl auf Leinwand \u2013 100 x 80 cm&#8220; show_in_lightbox=&#8220;on&#8220; _builder_version=&#8220;4.27.4&#8243; _module_preset=&#8220;default&#8220; global_colors_info=&#8220;{}&#8220; transform_styles__hover_enabled=&#8220;on|hover&#8220; transform_scale__hover_enabled=&#8220;on|hover&#8220; transform_translate__hover_enabled=&#8220;on|desktop&#8220; transform_rotate__hover_enabled=&#8220;on|desktop&#8220; transform_skew__hover_enabled=&#8220;on|desktop&#8220; transform_origin__hover_enabled=&#8220;on|desktop&#8220; transform_scale__hover=&#8220;95%|95%&#8220;][\/et_pb_image][\/et_pb_column][et_pb_column type=&#8220;2_5&#8243; _builder_version=&#8220;4.27.4&#8243; _module_preset=&#8220;default&#8220; global_colors_info=&#8220;{}&#8220;][et_pb_text _builder_version=&#8220;4.27.4&#8243; _module_preset=&#8220;default&#8220; global_colors_info=&#8220;{}&#8220;]<p><strong>Beauty falling<\/strong><\/p>\n<p>2022<\/p>\n<p>olio e acrilico su tela<\/p>\n<p>80 x 100 cm<\/p>[\/et_pb_text][\/et_pb_column][\/et_pb_row][et_pb_row column_structure=&#8220;3_5,2_5&#8243; admin_label=&#8220;Floating&#8220; _builder_version=&#8220;4.27.4&#8243; _module_preset=&#8220;default&#8220; global_colors_info=&#8220;{}&#8220;][et_pb_column type=&#8220;3_5&#8243; _builder_version=&#8220;4.27.4&#8243; _module_preset=&#8220;default&#8220; global_colors_info=&#8220;{}&#8220;][et_pb_image src=&#8220;https:\/\/petra-kost-web.kuich-projects.eu\/wp-content\/uploads\/2025\/07\/Floating-2025.jpg&#8220; alt=&#8220;Petra Kost &#8211; Floating, 2025&#8243; title_text=&#8220;Floating&#8220; show_in_lightbox=&#8220;on&#8220; _builder_version=&#8220;4.27.4&#8243; _module_preset=&#8220;default&#8220; global_colors_info=&#8220;{}&#8220; transform_styles__hover_enabled=&#8220;on|hover&#8220; transform_scale__hover_enabled=&#8220;on|hover&#8220; transform_translate__hover_enabled=&#8220;on|desktop&#8220; transform_rotate__hover_enabled=&#8220;on|desktop&#8220; transform_skew__hover_enabled=&#8220;on|desktop&#8220; transform_origin__hover_enabled=&#8220;on|desktop&#8220; transform_scale__hover=&#8220;95%|95%&#8220;][\/et_pb_image][\/et_pb_column][et_pb_column type=&#8220;2_5&#8243; _builder_version=&#8220;4.27.4&#8243; _module_preset=&#8220;default&#8220; global_colors_info=&#8220;{}&#8220;][et_pb_text _builder_version=&#8220;4.27.4&#8243; _module_preset=&#8220;default&#8220; global_colors_info=&#8220;{}&#8220;]<p><strong>Floating<\/strong><\/p>\n<p>2025<\/p>\n<p>acrilico su tela<\/p>\n<p>Diptychon 160 x 100 m<\/p>[\/et_pb_text][\/et_pb_column][\/et_pb_row][et_pb_row column_structure=&#8220;3_5,2_5&#8243; admin_label=&#8220;Pissardii&#8220; _builder_version=&#8220;4.27.4&#8243; _module_preset=&#8220;default&#8220; global_colors_info=&#8220;{}&#8220;][et_pb_column type=&#8220;3_5&#8243; _builder_version=&#8220;4.27.4&#8243; _module_preset=&#8220;default&#8220; global_colors_info=&#8220;{}&#8220;][et_pb_image src=&#8220;https:\/\/petra-kost-web.kuich-projects.eu\/wp-content\/uploads\/2022\/04\/20220405_162358-scaled.jpg&#8220; alt=&#8220;Petra Kost &#8211; Pissardii, 2022&#8243; title_text=&#8220;Pissardii&#8220; show_in_lightbox=&#8220;on&#8220; _builder_version=&#8220;4.27.4&#8243; _module_preset=&#8220;default&#8220; global_colors_info=&#8220;{}&#8220; transform_styles__hover_enabled=&#8220;on|hover&#8220; transform_scale__hover_enabled=&#8220;on|hover&#8220; transform_translate__hover_enabled=&#8220;on|desktop&#8220; transform_rotate__hover_enabled=&#8220;on|desktop&#8220; transform_skew__hover_enabled=&#8220;on|desktop&#8220; transform_origin__hover_enabled=&#8220;on|desktop&#8220; transform_scale__hover=&#8220;95%|95%&#8220;][\/et_pb_image][\/et_pb_column][et_pb_column type=&#8220;2_5&#8243; _builder_version=&#8220;4.27.4&#8243; _module_preset=&#8220;default&#8220; global_colors_info=&#8220;{}&#8220;][et_pb_text _builder_version=&#8220;4.27.4&#8243; _module_preset=&#8220;default&#8220; global_colors_info=&#8220;{}&#8220;]<p><strong>Pissardii<\/strong><\/p>\n<p>2022<\/p>\n<p>acrilico su tela<\/p>\n<p>120 x 100 cm<\/p>[\/et_pb_text][\/et_pb_column][\/et_pb_row][et_pb_row column_structure=&#8220;3_5,2_5&#8243; admin_label=&#8220;Modesty&#8220; _builder_version=&#8220;4.27.4&#8243; _module_preset=&#8220;default&#8220; global_colors_info=&#8220;{}&#8220;][et_pb_column type=&#8220;3_5&#8243; _builder_version=&#8220;4.27.4&#8243; _module_preset=&#8220;default&#8220; global_colors_info=&#8220;{}&#8220;][et_pb_image src=&#8220;https:\/\/petra-kost-web.kuich-projects.eu\/wp-content\/uploads\/2025\/07\/Modesty-2022-.jpg&#8220; alt=&#8220;Petra Kost &#8211; Modesty, 2022&#8243; title_text=&#8220;Modesty,-2022-&#8220; show_in_lightbox=&#8220;on&#8220; _builder_version=&#8220;4.27.4&#8243; _module_preset=&#8220;default&#8220; global_colors_info=&#8220;{}&#8220; transform_styles__hover_enabled=&#8220;on|hover&#8220; transform_scale__hover_enabled=&#8220;on|hover&#8220; transform_translate__hover_enabled=&#8220;on|desktop&#8220; transform_rotate__hover_enabled=&#8220;on|desktop&#8220; transform_skew__hover_enabled=&#8220;on|desktop&#8220; transform_origin__hover_enabled=&#8220;on|desktop&#8220; transform_scale__hover=&#8220;95%|95%&#8220;][\/et_pb_image][\/et_pb_column][et_pb_column type=&#8220;2_5&#8243; _builder_version=&#8220;4.27.4&#8243; _module_preset=&#8220;default&#8220; global_colors_info=&#8220;{}&#8220;][et_pb_text _builder_version=&#8220;4.27.4&#8243; _module_preset=&#8220;default&#8220; global_colors_info=&#8220;{}&#8220;]<p><strong>Modesty<\/strong><\/p>\n<p>2022<\/p>\n<p>acrilico su tela<\/p>\n<p>100 x 120 cm<\/p>[\/et_pb_text][\/et_pb_column][\/et_pb_row][et_pb_row column_structure=&#8220;3_5,2_5&#8243; admin_label=&#8220;Tonle Sap&#8220; _builder_version=&#8220;4.27.4&#8243; _module_preset=&#8220;default&#8220; global_colors_info=&#8220;{}&#8220;][et_pb_column type=&#8220;3_5&#8243; _builder_version=&#8220;4.27.4&#8243; _module_preset=&#8220;default&#8220; global_colors_info=&#8220;{}&#8220;][et_pb_image src=&#8220;https:\/\/petra-kost-web.kuich-projects.eu\/wp-content\/uploads\/2021\/12\/20200520_081433-tonie-sap.jpg&#8220; alt=&#8220;Petra Kost &#8211; Tonle Sap, 2020&#8243; title_text=&#8220;Tonle Sap&#8220; show_in_lightbox=&#8220;on&#8220; _builder_version=&#8220;4.27.4&#8243; _module_preset=&#8220;default&#8220; global_colors_info=&#8220;{}&#8220; transform_styles__hover_enabled=&#8220;on|hover&#8220; transform_scale__hover_enabled=&#8220;on|hover&#8220; transform_translate__hover_enabled=&#8220;on|desktop&#8220; transform_rotate__hover_enabled=&#8220;on|desktop&#8220; transform_skew__hover_enabled=&#8220;on|desktop&#8220; transform_origin__hover_enabled=&#8220;on|desktop&#8220; transform_scale__hover=&#8220;95%|95%&#8220;][\/et_pb_image][\/et_pb_column][et_pb_column type=&#8220;2_5&#8243; _builder_version=&#8220;4.27.4&#8243; _module_preset=&#8220;default&#8220; global_colors_info=&#8220;{}&#8220;][et_pb_text _builder_version=&#8220;4.27.4&#8243; _module_preset=&#8220;default&#8220; global_colors_info=&#8220;{}&#8220;]<p><strong>Tonle Sap<\/strong><\/p>\n<p>2020<\/p>\n<p>olio e acrilico su tela<\/p>\n<p>100 x 80 cm<\/p>[\/et_pb_text][\/et_pb_column][\/et_pb_row][et_pb_row column_structure=&#8220;3_5,2_5&#8243; admin_label=&#8220;Eintauchen&#8220; _builder_version=&#8220;4.27.4&#8243; _module_preset=&#8220;default&#8220; global_colors_info=&#8220;{}&#8220;][et_pb_column type=&#8220;3_5&#8243; _builder_version=&#8220;4.27.4&#8243; _module_preset=&#8220;default&#8220; global_colors_info=&#8220;{}&#8220;][et_pb_image src=&#8220;https:\/\/petra-kost-web.kuich-projects.eu\/wp-content\/uploads\/2021\/12\/Eintauchen-2017-Petra-Kost-Oel-Acryl-auf-Leinw.-50x70cm-1.jpg&#8220; alt=&#8220;Petra Kost &#8211; Eintauchen, 2017&#8243; title_text=&#8220;Eintauchen&#8220; show_in_lightbox=&#8220;on&#8220; _builder_version=&#8220;4.27.4&#8243; _module_preset=&#8220;default&#8220; global_colors_info=&#8220;{}&#8220; transform_styles__hover_enabled=&#8220;on|hover&#8220; transform_scale__hover_enabled=&#8220;on|hover&#8220; transform_translate__hover_enabled=&#8220;on|desktop&#8220; transform_rotate__hover_enabled=&#8220;on|desktop&#8220; transform_skew__hover_enabled=&#8220;on|desktop&#8220; transform_origin__hover_enabled=&#8220;on|desktop&#8220; transform_scale__hover=&#8220;95%|95%&#8220;][\/et_pb_image][\/et_pb_column][et_pb_column type=&#8220;2_5&#8243; _builder_version=&#8220;4.27.4&#8243; _module_preset=&#8220;default&#8220; global_colors_info=&#8220;{}&#8220;][et_pb_text _builder_version=&#8220;4.27.4&#8243; _module_preset=&#8220;default&#8220; global_colors_info=&#8220;{}&#8220;]<p><strong>Eintauchen<\/strong><\/p>\n<p>2017<\/p>\n<p>olio e acrilico su tela<\/p>\n<p>70 x 50 cm<\/p>[\/et_pb_text][\/et_pb_column][\/et_pb_row][et_pb_row column_structure=&#8220;3_5,2_5&#8243; admin_label=&#8220;Natural Structure&#8220; _builder_version=&#8220;4.27.4&#8243; _module_preset=&#8220;default&#8220; global_colors_info=&#8220;{}&#8220;][et_pb_column type=&#8220;3_5&#8243; _builder_version=&#8220;4.27.4&#8243; _module_preset=&#8220;default&#8220; global_colors_info=&#8220;{}&#8220;][et_pb_image src=&#8220;https:\/\/petra-kost-web.kuich-projects.eu\/wp-content\/uploads\/2025\/07\/Natural-structure-2016.jpg&#8220; alt=&#8220;Petra Kost &#8211; Natural Structure, 2016&#8243; title_text=&#8220;Natural-structure&#8220; show_in_lightbox=&#8220;on&#8220; _builder_version=&#8220;4.27.4&#8243; _module_preset=&#8220;default&#8220; global_colors_info=&#8220;{}&#8220; transform_styles__hover_enabled=&#8220;on|hover&#8220; transform_scale__hover_enabled=&#8220;on|hover&#8220; transform_translate__hover_enabled=&#8220;on|desktop&#8220; transform_rotate__hover_enabled=&#8220;on|desktop&#8220; transform_skew__hover_enabled=&#8220;on|desktop&#8220; transform_origin__hover_enabled=&#8220;on|desktop&#8220; transform_scale__hover=&#8220;95%|95%&#8220;][\/et_pb_image][\/et_pb_column][et_pb_column type=&#8220;2_5&#8243; _builder_version=&#8220;4.27.4&#8243; _module_preset=&#8220;default&#8220; global_colors_info=&#8220;{}&#8220;][et_pb_text _builder_version=&#8220;4.27.4&#8243; _module_preset=&#8220;default&#8220; global_colors_info=&#8220;{}&#8220;]<p><strong>Natural Structure<\/strong><\/p>\n<p>2016<\/p>\n<p>olio e acrilico su tela<\/p>\n<p>200 x 140 cm<\/p>[\/et_pb_text][\/et_pb_column][\/et_pb_row][et_pb_row column_structure=&#8220;3_5,2_5&#8243; admin_label=&#8220;Transformation&#8220; _builder_version=&#8220;4.27.4&#8243; _module_preset=&#8220;default&#8220; global_colors_info=&#8220;{}&#8220;][et_pb_column type=&#8220;3_5&#8243; _builder_version=&#8220;4.27.4&#8243; _module_preset=&#8220;default&#8220; global_colors_info=&#8220;{}&#8220;][et_pb_image src=&#8220;https:\/\/petra-kost-web.kuich-projects.eu\/wp-content\/uploads\/2025\/07\/Transformation-2015JPG.jpg&#8220; alt=&#8220;Petra Kost &#8211; Transformation, 2015&#8243; title_text=&#8220;Transformation&#8220; show_in_lightbox=&#8220;on&#8220; _builder_version=&#8220;4.27.4&#8243; _module_preset=&#8220;default&#8220; global_colors_info=&#8220;{}&#8220; transform_styles__hover_enabled=&#8220;on|hover&#8220; transform_scale__hover_enabled=&#8220;on|hover&#8220; transform_translate__hover_enabled=&#8220;on|desktop&#8220; transform_rotate__hover_enabled=&#8220;on|desktop&#8220; transform_skew__hover_enabled=&#8220;on|desktop&#8220; transform_origin__hover_enabled=&#8220;on|desktop&#8220; transform_scale__hover=&#8220;95%|95%&#8220;][\/et_pb_image][\/et_pb_column][et_pb_column type=&#8220;2_5&#8243; _builder_version=&#8220;4.27.4&#8243; _module_preset=&#8220;default&#8220; global_colors_info=&#8220;{}&#8220;][et_pb_text _builder_version=&#8220;4.27.4&#8243; _module_preset=&#8220;default&#8220; global_colors_info=&#8220;{}&#8220;]<p><strong>Transformation<\/strong><\/p>\n<p>2015<\/p>\n<p>olio e acrilico su tela<\/p>\n<p>200 x 140 cm<\/p>[\/et_pb_text][\/et_pb_column][\/et_pb_row][et_pb_row column_structure=&#8220;3_5,2_5&#8243; admin_label=&#8220;Entwicklung&#8220; _builder_version=&#8220;4.27.4&#8243; _module_preset=&#8220;default&#8220; global_colors_info=&#8220;{}&#8220;][et_pb_column type=&#8220;3_5&#8243; _builder_version=&#8220;4.27.4&#8243; _module_preset=&#8220;default&#8220; global_colors_info=&#8220;{}&#8220;][et_pb_image src=&#8220;https:\/\/petra-kost-web.kuich-projects.eu\/wp-content\/uploads\/2025\/07\/Entwicklung-2018.jpg&#8220; alt=&#8220;Petra Kost &#8211; Entwicklung, 2018&#8243; title_text=&#8220;Entwicklung&#8220; show_in_lightbox=&#8220;on&#8220; admin_label=&#8220;Entwicklung&#8220; _builder_version=&#8220;4.27.4&#8243; _module_preset=&#8220;default&#8220; global_colors_info=&#8220;{}&#8220; transform_styles__hover_enabled=&#8220;on|hover&#8220; transform_scale__hover_enabled=&#8220;on|hover&#8220; transform_translate__hover_enabled=&#8220;on|desktop&#8220; transform_rotate__hover_enabled=&#8220;on|desktop&#8220; transform_skew__hover_enabled=&#8220;on|desktop&#8220; transform_origin__hover_enabled=&#8220;on|desktop&#8220; transform_scale__hover=&#8220;95%|95%&#8220;][\/et_pb_image][\/et_pb_column][et_pb_column type=&#8220;2_5&#8243; _builder_version=&#8220;4.27.4&#8243; _module_preset=&#8220;default&#8220; global_colors_info=&#8220;{}&#8220;][et_pb_text _builder_version=&#8220;4.27.4&#8243; _module_preset=&#8220;default&#8220; global_colors_info=&#8220;{}&#8220;]<p><strong>Entwicklung<\/strong><\/p>\n<p>2018<\/p>\n<p>olio e acrilico su tela<\/p>\n<p>120 x 100 cm<\/p>[\/et_pb_text][\/et_pb_column][\/et_pb_row][\/et_pb_section]","protected":false},"excerpt":{"rendered":"<p>In der Serie \u201eNatur\u201c erforscht Petra Kost die Sch\u00f6nheit, Macht und gleichzeitige Zerbrechlichkeit der Natur. Strukturen der Elemente Feuer, Wasser, Erde, Luft sowie von Flora und Fauna werden in dichten, oft widerspr\u00fcchlichen Bildkompositionen Raum gegeben. Auch hier geht es um Spannungsfelder: zwischen Staunen und Sorge, zwischen N\u00e4he und Entfremdung. Petra Kosts Werke er\u00f6ffnen Sichtweisen auf [&hellip;]<\/p>","protected":false},"author":1,"featured_media":245,"parent":0,"menu_order":0,"comment_status":"closed","ping_status":"closed","template":"","meta":{"_et_pb_use_builder":"on","_et_pb_old_content":"","_et_gb_content_width":"","footnotes":""},"class_list":["post-1526","page","type-page","status-publish","has-post-thumbnail","hentry"],"_links":{"self":[{"href":"https:\/\/petra-kost-web.kuich-projects.eu\/it\/wp-json\/wp\/v2\/pages\/1526","targetHints":{"allow":["GET"]}}],"collection":[{"href":"https:\/\/petra-kost-web.kuich-projects.eu\/it\/wp-json\/wp\/v2\/pages"}],"about":[{"href":"https:\/\/petra-kost-web.kuich-projects.eu\/it\/wp-json\/wp\/v2\/types\/page"}],"author":[{"embeddable":true,"href":"https:\/\/petra-kost-web.kuich-projects.eu\/it\/wp-json\/wp\/v2\/users\/1"}],"replies":[{"embeddable":true,"href":"https:\/\/petra-kost-web.kuich-projects.eu\/it\/wp-json\/wp\/v2\/comments?post=1526"}],"version-history":[{"count":11,"href":"https:\/\/petra-kost-web.kuich-projects.eu\/it\/wp-json\/wp\/v2\/pages\/1526\/revisions"}],"predecessor-version":[{"id":1816,"href":"https:\/\/petra-kost-web.kuich-projects.eu\/it\/wp-json\/wp\/v2\/pages\/1526\/revisions\/1816"}],"wp:featuredmedia":[{"embeddable":true,"href":"https:\/\/petra-kost-web.kuich-projects.eu\/it\/wp-json\/wp\/v2\/media\/245"}],"wp:attachment":[{"href":"https:\/\/petra-kost-web.kuich-projects.eu\/it\/wp-json\/wp\/v2\/media?parent=1526"}],"curies":[{"name":"wp","href":"https:\/\/api.w.org\/{rel}","templated":true}]}}